{"id":576,"date":"2025-02-05T12:51:32","date_gmt":"2025-02-05T11:51:32","guid":{"rendered":"https:\/\/studiascientifica.ku.sk\/en\/?page_id=576"},"modified":"2025-02-05T12:54:52","modified_gmt":"2025-02-05T11:54:52","slug":"studia-scientifica-facultatis-paedagogicae-universitas-catholica-ruzomberok-5-2024","status":"publish","type":"page","link":"https:\/\/studiascientifica.ku.sk\/en\/studia-scientifica-facultatis-paedagogicae-universitas-catholica-ruzomberok-5-2024\/","title":{"rendered":"Studia Scientifica Facultatis Paedagogicae Universitas Catholica Ru\u017eomberok 5\/2024"},"content":{"rendered":"<p><strong><span style=\"font-size: 12pt;\">Studia Scientifica Facultatis Paedagogicae Universitas Catholica Ru\u017eomberok \u2013 cel\u00e9 \u010d\u00edslo 5\/2024<\/span><\/strong><\/p>\n<p><span style=\"font-size: 12pt;\"><a href=\"http:\/\/studiascientifica.ku.sk\/wp-content\/uploads\/2025\/02\/ssf_5_24_s_obalkou.pdf\"><strong>Fulltext \u2013 cel\u00e9 \u010d\u00edslo 5\/2024<\/strong><\/a> (.pdf)<\/span><\/p>\n<p><span style=\"font-size: 12pt;\"><strong>Rok vydania:<\/strong> 2024<\/span><\/p>\n<p><span style=\"font-size: 12pt;\"><strong>Vydavate\u013e:<\/strong> VERBUM \u2013 vydavate\u013estvo Katol\u00edckej univerzity v Ru\u017eomberku<\/span><\/p>\n<p><span style=\"font-size: 12pt;\"><strong>ISSN:<\/strong> 1336-2232<\/span><\/p>\n<p><span style=\"font-size: 12pt;\"><strong>URL \u010dasopisu:<\/strong>\u00a0<a href=\"http:\/\/studiascientifica.ku.sk\/\">http:\/\/studiascientifica.ku.sk\/<\/a><\/span><\/p>\n<p>&nbsp;<\/p>\n<p><strong>OBSAH\/CONTENTS:<\/strong><\/p>\n<p><strong><span style=\"font-size: 12pt;\">Barbora Kyselov\u00e1, Dagmar Nem\u010dek<\/span><\/strong><br \/>\n<span style=\"font-size: 12pt;\"><a href=\"http:\/\/studiascientifica.ku.sk\/wp-content\/uploads\/2025\/02\/01_kyselova_nemcek_ssf_5_2024.pdf\">Inkl\u00fazia nepo\u010duj\u00faceho \u017eiaka do vyu\u010dovania telesnej a \u0161portovej v\u00fdchovy z poh\u013eadu \u017eiakov z\u00e1kladnej \u0161koly a gymn\u00e1zia<\/a> (.pdf)<\/span><br \/>\n<span style=\"font-size: 12pt;\">DOI: <a href=\"https:\/\/doi.org\/10.54937\/ssf.2024.23.5.7-19\">https:\/\/doi.org\/10.54937\/ssf.2024.23.5.7-19<\/a><\/span><\/p>\n<p><strong><span style=\"font-size: 12pt;\">Kl\u00e1ra Eli\u00e1\u0161kov\u00e1, Martina \u0160mejkalov\u00e1<\/span><\/strong><br \/>\n<span style=\"font-size: 12pt;\"><a href=\"http:\/\/studiascientifica.ku.sk\/wp-content\/uploads\/2025\/02\/02_eliaskova_smejkalova_ssf_5_2024.pdf\">Vztah u\u010diva a \u017e\u00e1kovsk\u00fdch znalost\u00ed z \u010desk\u00e9ho jazyka u \u017e\u00e1k\u016f 2. a 3. ro\u010dn\u00edku z\u00e1kladn\u00ed \u0161koly v \u010cesk\u00e9 republice<\/a> (.pdf)<\/span><br \/>\n<span style=\"font-size: 12pt;\">DOI: <a href=\"https:\/\/doi.org\/10.54937\/ssf.2024.23.5.20-34\">https:\/\/doi.org\/10.54937\/ssf.2024.23.5.20-34<\/a><\/span><\/p>\n<p><strong><span style=\"font-size: 12pt;\">Zuzana Ger\u0161icov\u00e1, Be\u00e1ta Ma\u010dov\u00e1, Martina Mas\u00e1rikov\u00e1<\/span><\/strong><br \/>\n<span style=\"font-size: 12pt;\"><a href=\"http:\/\/studiascientifica.ku.sk\/wp-content\/uploads\/2025\/02\/03_gersicova_macova_masarikova_ssf_5_2024.pdf\">Anal\u00fdza rodi\u010dovskej v\u00fdchovy a p\u00f4sobenie in\u0161titucion\u00e1lnych zariaden\u00ed v ranom veku die\u0165a\u0165a<\/a> (.pdf)<\/span><br \/>\n<span style=\"font-size: 12pt;\">DOI: <a href=\"https:\/\/doi.org\/10.54937\/ssf.2024.23.5.35-51\">https:\/\/doi.org\/10.54937\/ssf.2024.23.5.35-51<\/a><\/span><\/p>\n<p><strong><span style=\"font-size: 12pt;\">Natalia Shumeiko, Kateryna Osadcha<\/span><\/strong><br \/>\n<span style=\"font-size: 12pt;\"><a href=\"http:\/\/studiascientifica.ku.sk\/wp-content\/uploads\/2025\/02\/04_shumeiko_osadcha_ssf_5_2024.pdf\">Exploiting Artificial Intelligence-Based and Standard Learning Management Systems in Blended and Distance-Learning Models<\/a> (.pdf)<\/span><br \/>\n<span style=\"font-size: 12pt;\">DOI: <a href=\"https:\/\/doi.org\/10.54937\/ssf.2024.23.5.52-66\">https:\/\/doi.org\/10.54937\/ssf.2024.23.5.52-66<\/a><\/span><\/p>\n<p><strong><span style=\"font-size: 12pt;\">Zuzana Marcinekov\u00e1, Lenka Pavlasov\u00e1<\/span><\/strong><br \/>\n<span style=\"font-size: 12pt;\"><a href=\"http:\/\/studiascientifica.ku.sk\/wp-content\/uploads\/2025\/02\/05_marcinekova_pavlasova_ssf_5_2024.pdf\">How do Teachers Perceive their Biology Lessons with the Application of CLIL?<\/a> (.pdf)<\/span><br \/>\n<span style=\"font-size: 12pt;\">DOI: <a href=\"https:\/\/doi.org\/10.54937\/ssf.2024.23.5.67-86\">https:\/\/doi.org\/10.54937\/ssf.2024.23.5.67-86<\/a><\/span><\/p>\n<p><strong><span style=\"font-size: 12pt;\">Libu\u0161a Gu\u017e\u00edkov\u00e1, Eleon\u00f3ra Mendelov\u00e1<\/span><\/strong><br \/>\n<span style=\"font-size: 12pt;\"><a href=\"http:\/\/studiascientifica.ku.sk\/wp-content\/uploads\/2025\/02\/06_guzikova_mendelova_ssf_5_2024.pdf\">\u0160kolsk\u00e1 \u00faspe\u0161nos\u0165 \u017eiakov gener\u00e1cie Alfa v reflexii rodi\u010dov<\/a> (.pdf)<\/span><br \/>\n<span style=\"font-size: 12pt;\">DOI: <a href=\"https:\/\/doi.org\/10.54937\/ssf.2024.23.5.87-98\">https:\/\/doi.org\/10.54937\/ssf.2024.23.5.87-98<\/a><\/span><\/p>\n<p><strong><span style=\"font-size: 12pt;\">Petra Ivenz<\/span><\/strong><br \/>\n<span style=\"font-size: 12pt;\"><a href=\"http:\/\/studiascientifica.ku.sk\/wp-content\/uploads\/2025\/02\/07_ivenz_ssf_5_2024.pdf\">N\u00e1h\u013ead do stavu v\u00fduky interkult\u00farnych komunika\u010dn\u00fdch kompetenci\u00ed \u200ena slovensk\u00fdch z\u00e1kladn\u00fdch a stredn\u00fdch \u0161kol\u00e1ch<\/a> (.pdf)<\/span><br \/>\n<span style=\"font-size: 12pt;\">DOI: <a href=\"https:\/\/doi.org\/10.54937\/ssf.2024.23.5.99-109\">https:\/\/doi.org\/10.54937\/ssf.2024.23.5.99-109<\/a><\/span><\/p>\n<p><strong><span style=\"font-size: 12pt;\">Robert Tom\u0161ik<\/span><\/strong><br \/>\n<span style=\"font-size: 12pt;\"><a href=\"http:\/\/studiascientifica.ku.sk\/wp-content\/uploads\/2025\/02\/08_tomsik_ssf_5_2024.pdf\">Psychometrick\u00e9 vlastnosti Invent\u00e1ra komun\u00e1lneho narcizmu (CNI) na popul\u00e1cii \u0161tudentov vo veku od 14 do 21 rokov<\/a> (.pdf)<\/span><br \/>\n<span style=\"font-size: 12pt;\">DOI: <a href=\"https:\/\/doi.org\/10.54937\/ssf.2024.23.5.110-122\">https:\/\/doi.org\/10.54937\/ssf.2024.23.5.110-122<\/a><\/span><\/p>\n<p><strong><span style=\"font-size: 12pt;\">Vendula Pol\u00e1chov\u00e1, Jan Viktorin<\/span><\/strong><br \/>\n<span style=\"font-size: 12pt;\"><a href=\"http:\/\/studiascientifica.ku.sk\/wp-content\/uploads\/2025\/02\/09_polachova_viktorin_ssf_5_2024.pdf\">V\u00fdznam August\u00edna Barto\u0161a pre pedagogiku os\u00f4b s telesn\u00fdm postihnut\u00edm<\/a> (.pdf)<\/span><br \/>\n<span style=\"font-size: 12pt;\">DOI: <a href=\"https:\/\/doi.org\/10.54937\/ssf.2024.23.5.123-142\">https:\/\/doi.org\/10.54937\/ssf.2024.23.5.123-142<\/a><\/span><\/p>\n<p><strong><span style=\"font-size: 12pt;\">Lenka Nov\u00e1kov\u00e1<\/span><\/strong><br \/>\n<span style=\"font-size: 12pt;\"><a href=\"http:\/\/studiascientifica.ku.sk\/wp-content\/uploads\/2025\/02\/10_novakova_ssf_5_2024.pdf\">Aktuelle Herausforderungen der inklusiven Bildung und F\u00f6rderung von Sch\u00fclern mit besonderen erzieherischen und Bildungsbed\u00fcrfnissen in der Slowakei<\/a> (.pdf)<\/span><br \/>\n<span style=\"font-size: 12pt;\">DOI: <a href=\"https:\/\/doi.org\/10.54937\/ssf.2024.23.5.143-162\">https:\/\/doi.org\/10.54937\/ssf.2024.23.5.143-162<\/a><\/span><\/p>\n","protected":false},"excerpt":{"rendered":"<p>Studia Scientifica Facultatis Paedagogicae Universitas Catholica Ru\u017eomberok \u2013 cel\u00e9 \u010d\u00edslo 5\/2024 Fulltext \u2013 cel\u00e9 \u010d\u00edslo 5\/2024 (.pdf) Rok vydania: 2024 Vydavate\u013e: VERBUM \u2013 vydavate\u013estvo Katol\u00edckej univerzity v Ru\u017eomberku ISSN: 1336-2232 URL \u010dasopisu:\u00a0http:\/\/studiascientifica.ku.sk\/ &nbsp; OBSAH\/CONTENTS: Barbora Kyselov\u00e1, Dagmar Nem\u010dek Inkl\u00fazia nepo\u010duj\u00faceho \u017eiaka do vyu\u010dovania telesnej a \u0161portovej v\u00fdchovy z poh\u013eadu \u017eiakov z\u00e1kladnej \u0161koly a gymn\u00e1zia (.pdf) [&hellip;]<\/p>\n","protected":false},"author":1,"featured_media":0,"parent":0,"menu_order":0,"comment_status":"closed","ping_status":"closed","template":"","meta":{"loftloader_page_shortcode":"","footnotes":""},"class_list":["post-576","page","type-page","status-publish","hentry"],"_links":{"self":[{"href":"https:\/\/studiascientifica.ku.sk\/en\/wp-json\/wp\/v2\/pages\/576","targetHints":{"allow":["GET"]}}],"collection":[{"href":"https:\/\/studiascientifica.ku.sk\/en\/wp-json\/wp\/v2\/pages"}],"about":[{"href":"https:\/\/studiascientifica.ku.sk\/en\/wp-json\/wp\/v2\/types\/page"}],"author":[{"embeddable":true,"href":"https:\/\/studiascientifica.ku.sk\/en\/wp-json\/wp\/v2\/users\/1"}],"replies":[{"embeddable":true,"href":"https:\/\/studiascientifica.ku.sk\/en\/wp-json\/wp\/v2\/comments?post=576"}],"version-history":[{"count":2,"href":"https:\/\/studiascientifica.ku.sk\/en\/wp-json\/wp\/v2\/pages\/576\/revisions"}],"predecessor-version":[{"id":581,"href":"https:\/\/studiascientifica.ku.sk\/en\/wp-json\/wp\/v2\/pages\/576\/revisions\/581"}],"wp:attachment":[{"href":"https:\/\/studiascientifica.ku.sk\/en\/wp-json\/wp\/v2\/media?parent=576"}],"curies":[{"name":"wp","href":"https:\/\/api.w.org\/{rel}","templated":true}]}}